{"id":121757,"date":"2024-07-10T23:04:59","date_gmt":"2024-07-10T21:04:59","guid":{"rendered":"http:devel.artlist.cz\/artist\/hula-2\/"},"modified":"2025-01-07T18:14:01","modified_gmt":"2025-01-07T17:14:01","slug":"zdenek-hula","status":"publish","type":"artist","link":"https:\/\/artlist.cz\/en\/umelci\/zdenek-hula\/","title":{"rendered":"H\u016fla"},"featured_media":0,"template":"","class_list":["post-121757","artist","type-artist","status-publish","hentry","keyword-malba","keyword-public-art","keyword-public-art-umeni-ve-verejnem-prostoru","keyword-socha"],"acf":{"nicknames":"","date_born":1948,"date_death":0,"place_born":"Praha","lives":"Kostelec nad \u010cern\u00fdmi Lesy and Prague","web":"www.zdenek-hula.cz","idatum":"","address":"","email":"info@zdenek-hula.cz","phone":"","biography":"Studies:\r\n1966-1972 Academy of Fine Arts, Prague (Karel Sou\u010dek)\r\n1963-1966 Secondary Art School, \u010cesk\u00fd Brod","groups":null,"membership":"Kruh (Circle)","exhibitions_solo":"2011\r\nPraha \/ Galerie ve sklep\u011b \/ Deskov\u00e9 obrazy\r\nKostelec n. \u010c. l. \/  Ateli\u00e9r GH \/ Sedmdes\u00e1t\u00e1 l\u00e9ta\r\n\r\n2010\r\nPraha \/ Galerie Zlat\u00e1 husa \/ Poutn\u00edk\r\nKostelec n. \u010c. l. \/  Ateli\u00e9r GH \/ Bod\r\n\r\n2009\r\nPraha \/ Galerie Peron \/ Elementy\r\nPardubice \/ Galerie Fonos \/ Realizace, sochy a obrazy\r\n\r\n2008\r\nGalerie Mill\u00e9nnium \/ Pozdn\u00ed sb\u011br\r\n\r\n2007\r\nPraha \/ Galerie Dion \/ Sochy a obrazy\r\n\r\n2003\r\nKloko\u010dn\u00e1 \/ Galerie 9 \/ Obrazy a sochy\r\n\r\n2002\r\nKostelec n. \u010c. l. \/ Galerie H \/ Moje pr\u00e1ce  \r\nPraha \/ Galerie Peron \/ Pr\u00e1ce z let 1968 \u2013 1972      \r\n\r\n2001\r\nPraha \/ Galerie knihkupectv\u00ed Paseka  \/  Kresby      \r\n\r\n2000\r\nPraha  \/  Nov\u00e1 s\u00ed\u0148  \/  Koncert pro komorn\u00ed orchestr a objekty  \r\nHo\u0159ice \/ M\u011bstsk\u00e9 muzeum \/ Obrazy     \r\n\r\n1998\r\nPraha  \/ Galerie Malostransk\u00e1 beseda \/ Nebe a zem\u011b       2\r\n\r\n1997\r\nBrno \/ D\u016fm um\u011bn\u00ed \/ Z\u00e1ti\u0161\u00ed s ovocem \r\nUhersk\u00e9 Hradi\u0161t\u011b \/  \/ Z\u00e1ti\u0161\u00ed s ovocem        \r\nPraha \/ Galerie Pecka \/ Dva     \r\n\r\n1996\r\nPraha \/N\u00e1rodn\u00ed technick\u00e9 muzeum \/ Z\u00e1ti\u0161\u00ed s ovocem  \r\n\r\n1995\r\nMilevsko \/ Milevsk\u00e9  muzeum \/ Sochy a obrazy       \r\n\r\n1994\r\nPraha \/ Nov\u00e1 s\u00ed\u0148 \/ Obrazy a plastiky    1992 \u2013 Kostelec n. \u010c. l. \/ Galerie H, M\u011bstsk\u00e1 galerie, galerie Kruh, kostel sv. Jana K\u0159titele \/ Sochy, obrazy, kresby, instalace     \r\n\r\n1992\r\nPraha \/ Divadlo Labyrint \/ Hv\u011bzdy \r\n\r\n1990\r\nPolsko \/ Lod\u017e \/ Galerie Vschodnia (s P. M\u00fchlbauerem)     \r\nPraha \/ Francouzsk\u00fd institut \/ Konfrontace (s Ch. Bonnefoi)   \r\n\r\n1988\r\nPraha \/ Artot\u00e9ka \/ Kresby a pap\u00edry     \r\n\r\n1987\r\nOlomouc \/ Divadlo hudby \/ Kresby     \r\n\r\n1985\r\nKostelec n. \u010c. l. \/ Galerie H \/ Prostor I (s J. H\u016flou)     \r\n\r\n1983\r\nPraha \/ \u00dastav makromolekul\u00e1rn\u00ed chemie \u010cAV \/ Obrazy a kresby      \r\n\r\n1982\r\nP\u0159\u00edbram \/ V\u00fdstavn\u00ed s\u00ed\u0148 \/ Obraz a keramika     \r\n\r\n1980\r\nPraha \/ Divadlo v Nerudovce \/ Pokus o jeden rok      \r\n\r\n1978\r\nKostelec n. \u010c. l. \/ Muzeum SHK \/ Grafika     \r\n\r\n1976\r\nPraha \/ Galerie Mlad\u00fdch \/ Keramika      \r\n\r\n1975\r\nKostelec n. \u010c. l. \/ Muzeum st\u0159edo\u010desk\u00e9ho hrn\u010d\u00ed\u0159stv\u00ed a keramiky \/ Obrazy a keramika","exhibitions_group":"2010\r\nPraha \/ Galerie Zlat\u00e1 husa \/ P\u0159\u00edr\u016fstky\r\nKlatovy \/ Galerie U B\u00edl\u00e9ho jednoro\u017ece \/ Venku, Draussen\r\nKostelec n. \u010c. l. \/ Galerie Kruh, Ateli\u00e9r GH \/ Setk\u00e1n\u00ed \u2013  les\r\n\r\n2009\r\nKostelec n. \u010c. l. \/ Galerie Kruh, Ateli\u00e9r GH \/ Setk\u00e1n\u00ed \u2013  hora\r\n\r\n2008\r\nPraha \/ Leti\u0161t\u011b Praha \/ Aeron\u00e1le 2008\r\nKostelec n. \u010c. l. \/ Galerie Kruh, Ateli\u00e9r GH \/ Setk\u00e1n\u00ed \u2013  noc\r\n\r\n2007\r\nKloko\u010dn\u00e1 \/ Galerie 9 \/ 9 let\r\nPraha \/ Parlament \u010cR \/ Krajina\r\nPraha \/ Letohr\u00e1dek kr\u00e1lovny Anny \/ 10. Salon obce architekt\u016f\r\nPraha \/Galerie Millennium \/ V\u00fdb\u011br z d\u00edla \u010desk\u00fdch a slovensk\u00fdch socha\u0159\u016f\r\nKostelec n. \u010c. l. \/ Galerie Kruh, Ateli\u00e9r GH \/ Setk\u00e1n\u00ed \u2013  cesta\r\n\r\n2006\r\nPraha \/ \u010cesk\u00e9 muzeum v\u00fdtvarn\u00fdch um\u011bn\u00ed \/ Hory, sk\u00e1ly, kameny\r\nKostelec n. \u010c. l. \/ Galerie Kruh, Ateli\u00e9r GH \/ Setk\u00e1n\u00ed \u2013  vzduch\r\n\r\n2005\r\nMilevsko \/ Milevsk\u00e9 l\u00e9to\r\nKostelec n. \u010c. l. \/ Galerie Kruh, Ateli\u00e9r GH \/ Setk\u00e1n\u00ed \u2013  zem\u011b\r\n\r\n2004\r\nKostelec n. \u010c. l. \/ Galerie Kruh, Ateli\u00e9r GH \/ Setk\u00e1n\u00ed \u2013  voda\r\n\r\n2003\r\nPraha \/ Galerie R \/ T\u0159in\u00e1ct ze t\u0159in\u00e1cti \r\nKostelec n. \u010c. l. \/ Galerie Kruh, Ateli\u00e9r GH \/ Setk\u00e1n\u00ed \u2013  ohe\u0148\r\n\r\n2002\r\nKostelec n. \u010c. l. \/ Galerie Kruh, Ateli\u00e9r GH \/ Setk\u00e1n\u00ed \u2013  sv\u011btlo\r\n\r\n2001\r\nKostelec n. \u010c. l. \/ Galerie Kruh, Ateli\u00e9r GH \/ Setk\u00e1n\u00ed \u2013  hra\r\n\r\n2000\r\nPraha \/ exteri\u00e9ry Pra\u017esk\u00e9ho hradu \/ \u010cesk\u00e1 kamenn\u00e1 skulptura 90. let  \r\nKostelec n. \u010c. l. \/ Galerie Kruh, Ateli\u00e9r GH \/ Setk\u00e1n\u00ed \u2013  n\u00e1hoda\r\n\r\n1999\r\nKostelec n. \u010c. l. \/ Galerie Kruh, Ateli\u00e9r GH \/ Setk\u00e1n\u00ed \u2013  extr\u00e9m\r\n\r\n1998\r\nPraha \/ K\u0159\u00ed\u017eov\u00e1 chodba Karol\u00edna \/ Profesor \u2013 u\u010ditel \u2013 \u017e\u00e1k \r\n\r\n1998\r\nKostelec n. \u010c. l. \/ Galerie Kruh, Ateli\u00e9r GH \/ Setk\u00e1n\u00ed \u2013  p\u0159\u00edroda\r\n\r\n1997\r\nHodon\u00edn \/ Velk\u00fd form\u00e1t \r\nPraha \/ N\u00e1rodn\u00ed Galerie \/ Pal\u00e1c Kinsk\u00fdch \/ \u010cesk\u00e1 kol\u00e1\u017e   \r\nPraha \/ Pra\u017esk\u00fd hrad \/ Minisalon\r\nKostelec n. \u010c. l. \/ Galerie Kruh, Ateli\u00e9r GH \/ Setk\u00e1n\u00ed \u2013  dvojka\r\n\r\n1996\r\nKostelec n. \u010c. l. \/ Galerie Kruh, Ateli\u00e9r GH \/ Setk\u00e1n\u00ed \u2013  bez zad\u00e1n\u00ed\r\n\r\n1995\r\nKostelec n. \u010c. l. \/ Galerie Kruh, Ateli\u00e9r GH \/ Setk\u00e1n\u00ed \u2013 rozhran\u00ed\r\n\r\n1993\r\nKostelec n. \u010c. l. \/ Galerie Kruh, Ateli\u00e9r GH, M\u011bstsk\u00e1 galerie \/ Setk\u00e1n\u00ed \u2013zrcadlen\u00ed\r\n\r\n1992 \u2013 Kostelec n. \u010c. l. \/ Galerie Kruh, Ateli\u00e9r GH, M\u011bstsk\u00e1 galerie \/ Setk\u00e1n\u00ed \u2013 kruh\r\n\r\nGroup Exhibitions Abroad:\r\n2010\r\nPolsko \/ Koszalin \/ Muzeum w Koszalinie \/ KOSMOS wizja poety, wizja malarza  \r\n\r\n2004\r\nRakousko  \/ Linz \/ Nahe der Wirklichkeit   1994 \u2013 USA \/ Courtyard Gallery, New York \/ Art and Culture Centre, Hollywood \/  Contemporary Arts Centre, Cincinnati \/ Minisalon\r\n\r\n2003\r\nFrancie \/ Centre Tcheque, Pa\u0159\u00ed\u017e (Paris) \/ Minisalon\r\n\r\n2002\r\nIndonesia \/ Majapahit Mandar\u00edn Hotel, Surabaya \/ Galeri Nasional Indonesia, Jakarta \/ Museum Puri Lukisan, Ubud \/ Minisalon\r\n\r\n2001\r\n\u0160v\u00e9dsko \/ G\u00fcteborg \/ R\u00f6da sten \/ Kulturbro    \r\n\r\n1998\r\nIt\u00e1lie \/ \u0158\u00edm \/ Galleria Comunele d\u00e9 Arte Moderne \/ \u010cesk\u00e1 kol\u00e1\u017e   \r\nBelgie \/ Bibliotheque Royal de Belgigue, Brusel \/ Minisalon\r\n\r\n1996\r\nUSA \/ Gallery of Fine Arts , Forth Myers \/ McKissick Museum, Columbia \/ \r\nUniversity Art Gallery, Nord Dartmouth \/ Museum of Fine Arts, St. Petersburg \r\n\/ Minisalon\r\n\r\n1995\r\nUSA \/ Chicago Cultural Centre, Chicago \/  Cultual Center of lowa, Rapids \/ Indianapolis Museum of Art, Indianapolis \/ Jonson Gallery, Albuquerque \/ Minisalon 1993 -  Canada \/ Mus\u00e9e des Beaux Arts, Montre\u00e1l \/ Minisalon\r\n\r\n1980\r\nJi\u0159i i Zdenek H\u016fla: Grafika i malarstwo, Galeria Omega, Toru\u0144\r\n\r\n","realizations_other":"Art in Architecture and Public Spaces:\r\n\r\nCzech Republic:\r\n2007\r\nKAPLI\u010cKA SV. GOTHARDA \/ d\u0159evo, \u017eula, sklo \/ Kostelec n. \u010c. l.\r\nSTR\u00c1\u017dCE TICHA \/ \u017eula, sklo \/ 537 x 75 x 69 cm \/ Strakonice\r\n\r\n2005\r\nK\u0158\u00cd\u017d \/ mramor, d\u0159evo \/ Kostelec n. \u010c. l. \/ kostel And\u011bl\u016f str\u00e1\u017en\u00fdch  \r\n\r\n2003\r\nPOMN\u00cdK ELEONORY Z EREMBERKU \/ K\u00e1men \u2013 \u017eula, sklo \/ Ond\u0159ejov \r\nSTR\u00c1\u017dCI \/ mramor, sklo \/ Praha \/ Dalajsk\u00e9 \u00fadol\u00ed \r\nOLT\u00c1\u0158 \/ mramor, sklo \/ Kostelec n. \u010c. l. \/ kostel And\u011bl\u016f str\u00e1\u017en\u00fdch  \r\n\r\n2001\r\nSF\u00c9RY \/ \u017eula, beton  \/  Ond\u0159ejov \/ hv\u011bzd\u00e1rna \r\n\r\n2000\r\nFONT\u00c1NKA \/ \u017eula \/ Praha \/ Karl\u00edn\r\n\r\n1998\r\nOD SLUNOVRATU K SLUNOVRATU \/ \u017eula \/ Ond\u0159ejov \/ hv\u011bzd\u00e1rna 1992 \u2013 OBLAKA A PROUDY \/ d\u0159ev\u011bn\u00e1 plastika \/ Kostelec n. \u010c. l. \/ zvonice kostela sv. Jana K\u0159titele \r\n\r\n1997\r\nDVA \/ \u017eulov\u00fd patn\u00edk  \/ Kostelec n. \u010c. l.  \r\n\r\n1995\r\nPAM\u00c1TN\u00cdK OB\u011aTEM ROMSK\u00c9HO HOLOCAUSTU \/ syenit  \/ Lety u P\u00edsku \r\n\r\n1994\r\nSK\u00c1LY \/ malba a asambl\u00e1\u017e na d\u0159evot\u0159\u00edsce \/ Turnov \/ Lidov\u00e1 \u0161kola um\u011bn\u00ed \r\n\r\n1994\r\nSTAVEBNICE \/ stoly a \u017eidle \/ Praha \/ Rokov\u00fd klub Komutovka \r\n\r\n1989\r\nPECIV\u00c1L \/ loutky pro animovan\u00fd film     \r\n\r\n1983\r\nKR\u00c1SA \u010cESK\u00c9 KRAJINY \/ keramick\u00e1 mozaika  \/ Praha                             \r\n\r\n1982\r\nMNO\u017dINY \/ keramick\u00e1 mozaika \/\r\nDO \u017dIVOTA \/ keramick\u00e1 mozaika \/ 700 X 350 cm \/ Slezsk\u00e1 Ostrava \/ gymnasium\r\n\r\n1980\r\nZE \u0160KOLY \/ keramick\u00e1 mozaika \/ 500 x 300 cm \/ Kostelec n. \u010c. l. \/ \u0161koln\u00ed j\u00eddelna (zni\u010deno)                           \r\nKRAJINA \/ keramick\u00e1 mozaika \/ 200 x 300 cm \/ Kostelec n. \u010c. l. \/d\u016fm  Krupk\u016f   \r\n\r\n1978\r\nTICHO \/ keramick\u00e1 mozaika \/ 180 x 97 cm \/ \u00dast\u00ed nad Labem \/ onkologick\u00e9 odd\u011blen\u00ed KN  (zni\u010deno)                                     \r\n\r\n1977\r\nBOHATSTV\u00cd ZEM\u011a \/ kamenn\u00e1 mozaika \/350 x 1200 cm \/ Praha \/ Vysok\u00e1 \u0161kola ekonomick\u00e1  \r\n\r\nAbroad:\r\n2009\r\nTAN\u010c\u00cdC\u00cd V ANTIBES \/ \u017eula, sklo \/ 420 x 130 x 83 cm \/ Antibes \/ Francie\r\n\r\nSymposia:\r\nCzech Republic:\r\n\r\n2008\r\nBroumovsko,  Baroko a p\u00edskovec  \r\n\r\n2001\r\nOnd\u0159ejov, Kameny a Hv\u011bzdy \r\n\r\n2000\r\nOnd\u0159ejov, Kameny a hv\u011bzdy        \r\nTel\u010d, Socha\u0159sk\u00e9 setk\u00e1n\u00ed 2000\r\n\r\n1999\r\nHo\u0159ice, 16. Mezin\u00e1rodn\u00ed socha\u0159sk\u00e9 symposium \r\nOnd\u0159ejov, Kameny a hv\u011bzdy\r\nJind\u0159ich\u016fv  Hradec, Mezin\u00e1rodn\u00ed socha\u0159sk\u00e9 \u017eulov\u00e9 symposium \r\n\r\n1998\r\nOnd\u0159ejov, Kameny a hv\u011bzdy       \r\n\r\n1997\r\nValtice, Velk\u00fd form\u00e1t    \r\n\r\nSymposia Abroad\r\n2007\r\nSlovensko, Nov\u00fd Smokovec, Um\u011blci Tatr\u00e1m\r\n\r\n2003\r\nRakousko, Hetzmannsdorf, Kunstfeld\r\n\r\n2002\r\nRakousko, Klement, Int. Steinbildhauer-symposion Ernstbrun\r\n\r\n2001\r\n\u0160v\u00e9dsko, Gerlesborg,  Kulturbro \r\n\r\n1998 \u2013 2003\r\nsymposia KAMENY A HV\u011aZDY (Stones and Stars), in collaboration with the Ond\u0159ejov Observatory\r\n\r\n1992 \u2013 2010\r\nrunning the Kruh Gallery in Kostelec nad \u010cern\u00fdmi Lesy (along with Josef Volvovi\u010d), organizing thematic intermedia presentations - 1992 Circle,1993 Reflection, 1995 Interface, 1996 Without and Assignement, 1997 Two, 1998 Nature, 1999 Extreme, 2000 Chance, 2001 Play, 2002 Light, 2003 Fire, 2004 Water, 2005 Earth, 2006 Air, 2007 Journey, 2008 Night, 2009 Mountain, 2010 Forest.\r\n","collections":"Kopern\u00edk Museum, Frombork, Poland\r\nNishinomiya, AU Collection, Japan\r\nMinistry of Culture of the Czech Republic, Prague\r\nNational Gallery, Prague\r\nMuseum of Applied Art, Prague\r\nKampa Museum, Prague\r\nZlat\u00e1 husa Gallery, Prague\r\n","monographies":"","articles":"","reviews":"","texts_unlisted":"","annotations":[{"text":"Zden\u011bk H\u016fla studied painting at the Academy of Fine Arts (AVU), and graduated in 1972). He still paints, though since 1984 he has also occupied himself with sculpture and is probably best known these days as a sculptor rather than painter. \r\n\r\nIn the 1980s he began creating objects mostly from wood, along with twigs, branches and small logs. He emphasises the organisation of the material as well as its construction, assembling a host of objects into simple, regular shapes. In Coloured Statue he inserted mirrors into a geometrical wooden structure which reflect the surroundings and evoke the impression of infinity. \r\n\r\nSince 1994 H\u016fla has worked mainly with stone. He uses hard stone, mainly granite, which allows him to make exact and permanent cuts. He does not process the entire block of stone, but prefers to exploit the contrast between the smooth, worked surface and the natural form of the stone. He splits some blocks in half in order to place them back to back. Most of his sculptures are composed of two blocks. He sometimes fits both parts together perfectly (in \u201csoft contact\u201d as he puts it), while other times cracks appear which allow the artist to play with the effect of the light passing through the stone. This is apparent in the \u201castronomical\u201d sculpture entitled From Solstice to Solstice (1998): when the solstice or equinox takes place, beams of light penetrate the stone and fall onto one spot. The sculptures Sundial (1998) and Sun Gate operate on a similar principle. \r\n\r\nSculptures linking stone and glass form a special group of H\u016fla\u2019s work, in which he works with the contrast between the full substantiality of stone and the lightness, delicacy and translucency of glass. Heavy boulders are placed on a glass table which is invisible from afar, so creating the impression that the stone is hovering in the air. \r\n\r\nH\u016fla began his career as a painter as a figurist, though was more and more drawn to the theme of nature and natural events, which finally predominated as a theme in his paintings. Geometrising elements intermingle with organic forms. The painter\u2019s main interest was in finding an order, a fixed point in the chaos of the world and the cosmos. Although his early paintings as a student were figural, after graduating he devoted himself to abstraction, and continues to do so to the present day. \r\n\r\nThe starting point of H\u016fla\u2019s abstract canvases is often landscape, the sky or the universe and stars as symbols of infinity. The first cycle he completed after graduation was a series of paintings entitled Strange Landscapes, in which he address the depressing situation of the 1970s as well as personal experiences (the death of his father). In the 70s he created the cycle Forbes \u2013 Pictures of Fruit Machines from Pubs. At the end of the 70s he returned to landscapes and created the cycle Attempt at One Year, painted on a chalk underlay. At the beginning of the 80s there followed a short intermezzo during which he returned to figurism in the cycle entitled Streets. These pictures for the first time feature the grid as a construction element, an element which still remains an integral part of H\u016fla\u2019s work. In the 80s the grid was combined with geometric motifs (point, circle, triangle, square, straight line, segment, curve). However, the strict geometry of these canvases is always disturbed. Sometimes the basic geometrical forms are left partially unpainted, while at other times the entire composition is violently disrupted by gestural painting. In the 1990s H\u016fla created the cycle entitled Still Life with Fruit, another development of the principles of his paintings of the 80s and a reference to Paula C\u00e9zanne and that artist\u2019s declaration that the artist should paint in accordance with the form of basic stereometric shapes in nature. The last of H\u016fla\u2019s cycles, created after 2000, is a series of pictures on the theme of the Natural Elements \u2013 Fire, Water, Earth and Air.","date":0,"authors":[1853]}],"artworks":[111749,111750,111751,111752,111753,111754,111755,111756,111757,111758,111759,111760,111761,111762,111763],"videos":null},"yoast_head":"<!-- This site is optimized with the Yoast SEO plugin v28.0 - https:\/\/yoast.com\/product\/yoast-seo-wordpress\/ -->\n<title>H\u016fla - Artlist<\/title>\n<meta name=\"robots\" content=\"index, follow, max-snippet:-1, max-image-preview:large, max-video-preview:-1\" \/>\n<link rel=\"canonical\" href=\"https:\/\/artlist.cz\/en\/umelci\/zdenek-hula\/\" \/>\n<meta property=\"og:locale\" content=\"en_US\" \/>\n<meta property=\"og:type\" content=\"article\" \/>\n<meta property=\"og:title\" content=\"H\u016fla - Artlist\" \/>\n<meta property=\"og:url\" content=\"https:\/\/artlist.cz\/en\/umelci\/zdenek-hula\/\" \/>\n<meta property=\"og:site_name\" content=\"Artlist\" \/>\n<meta property=\"article:modified_time\" content=\"2025-01-07T17:14:01+00:00\" \/>\n<meta name=\"twitter:card\" content=\"summary_large_image\" \/>\n<script type=\"application\/ld+json\" class=\"yoast-schema-graph\">{\"@context\":\"https:\\\/\\\/schema.org\",\"@graph\":[{\"@type\":\"WebPage\",\"@id\":\"https:\\\/\\\/artlist.cz\\\/en\\\/umelci\\\/zdenek-hula\\\/\",\"url\":\"https:\\\/\\\/artlist.cz\\\/en\\\/umelci\\\/zdenek-hula\\\/\",\"name\":\"H\u016fla - Artlist\",\"isPartOf\":{\"@id\":\"https:\\\/\\\/artlist.cz\\\/en\\\/#website\"},\"datePublished\":\"2024-07-10T21:04:59+00:00\",\"dateModified\":\"2025-01-07T17:14:01+00:00\",\"breadcrumb\":{\"@id\":\"https:\\\/\\\/artlist.cz\\\/en\\\/umelci\\\/zdenek-hula\\\/#breadcrumb\"},\"inLanguage\":\"en-US\",\"potentialAction\":[{\"@type\":\"ReadAction\",\"target\":[\"https:\\\/\\\/artlist.cz\\\/en\\\/umelci\\\/zdenek-hula\\\/\"]}]},{\"@type\":\"BreadcrumbList\",\"@id\":\"https:\\\/\\\/artlist.cz\\\/en\\\/umelci\\\/zdenek-hula\\\/#breadcrumb\",\"itemListElement\":[{\"@type\":\"ListItem\",\"position\":1,\"name\":\"Home\",\"item\":\"https:\\\/\\\/artlist.cz\\\/en\\\/\"},{\"@type\":\"ListItem\",\"position\":2,\"name\":\"Artists\",\"item\":\"https:\\\/\\\/artlist.cz\\\/en\\\/umelci\\\/\"},{\"@type\":\"ListItem\",\"position\":3,\"name\":\"H\u016fla\"}]},{\"@type\":\"WebSite\",\"@id\":\"https:\\\/\\\/artlist.cz\\\/en\\\/#website\",\"url\":\"https:\\\/\\\/artlist.cz\\\/en\\\/\",\"name\":\"Artlist\",\"description\":\"Centrum pro sou\u010dasn\u00e9 um\u011bn\u00ed Praha\",\"publisher\":{\"@id\":\"https:\\\/\\\/artlist.cz\\\/en\\\/#organization\"},\"potentialAction\":[{\"@type\":\"SearchAction\",\"target\":{\"@type\":\"EntryPoint\",\"urlTemplate\":\"https:\\\/\\\/artlist.cz\\\/en\\\/?s={search_term_string}\"},\"query-input\":{\"@type\":\"PropertyValueSpecification\",\"valueRequired\":true,\"valueName\":\"search_term_string\"}}],\"inLanguage\":\"en-US\"},{\"@type\":\"Organization\",\"@id\":\"https:\\\/\\\/artlist.cz\\\/en\\\/#organization\",\"name\":\"Artlist\",\"url\":\"https:\\\/\\\/artlist.cz\\\/en\\\/\",\"logo\":{\"@type\":\"ImageObject\",\"inLanguage\":\"en-US\",\"@id\":\"https:\\\/\\\/artlist.cz\\\/en\\\/#\\\/schema\\\/logo\\\/image\\\/\",\"url\":\"http:devel.artlist.cz\\\/app\\\/uploads\\\/2024\\\/07\\\/artlist.png\",\"contentUrl\":\"http:devel.artlist.cz\\\/app\\\/uploads\\\/2024\\\/07\\\/artlist.png\",\"width\":500,\"height\":500,\"caption\":\"Artlist\"},\"image\":{\"@id\":\"https:\\\/\\\/artlist.cz\\\/en\\\/#\\\/schema\\\/logo\\\/image\\\/\"}}]}<\/script>\n<!-- \/ Yoast SEO plugin. -->","yoast_head_json":{"title":"H\u016fla - Artlist","robots":{"index":"index","follow":"follow","max-snippet":"max-snippet:-1","max-image-preview":"max-image-preview:large","max-video-preview":"max-video-preview:-1"},"canonical":"https:\/\/artlist.cz\/en\/umelci\/zdenek-hula\/","og_locale":"en_US","og_type":"article","og_title":"H\u016fla - Artlist","og_url":"https:\/\/artlist.cz\/en\/umelci\/zdenek-hula\/","og_site_name":"Artlist","article_modified_time":"2025-01-07T17:14:01+00:00","twitter_card":"summary_large_image","schema":{"@context":"https:\/\/schema.org","@graph":[{"@type":"WebPage","@id":"https:\/\/artlist.cz\/en\/umelci\/zdenek-hula\/","url":"https:\/\/artlist.cz\/en\/umelci\/zdenek-hula\/","name":"H\u016fla - Artlist","isPartOf":{"@id":"https:\/\/artlist.cz\/en\/#website"},"datePublished":"2024-07-10T21:04:59+00:00","dateModified":"2025-01-07T17:14:01+00:00","breadcrumb":{"@id":"https:\/\/artlist.cz\/en\/umelci\/zdenek-hula\/#breadcrumb"},"inLanguage":"en-US","potentialAction":[{"@type":"ReadAction","target":["https:\/\/artlist.cz\/en\/umelci\/zdenek-hula\/"]}]},{"@type":"BreadcrumbList","@id":"https:\/\/artlist.cz\/en\/umelci\/zdenek-hula\/#breadcrumb","itemListElement":[{"@type":"ListItem","position":1,"name":"Home","item":"https:\/\/artlist.cz\/en\/"},{"@type":"ListItem","position":2,"name":"Artists","item":"https:\/\/artlist.cz\/en\/umelci\/"},{"@type":"ListItem","position":3,"name":"H\u016fla"}]},{"@type":"WebSite","@id":"https:\/\/artlist.cz\/en\/#website","url":"https:\/\/artlist.cz\/en\/","name":"Artlist","description":"Centrum pro sou\u010dasn\u00e9 um\u011bn\u00ed Praha","publisher":{"@id":"https:\/\/artlist.cz\/en\/#organization"},"potentialAction":[{"@type":"SearchAction","target":{"@type":"EntryPoint","urlTemplate":"https:\/\/artlist.cz\/en\/?s={search_term_string}"},"query-input":{"@type":"PropertyValueSpecification","valueRequired":true,"valueName":"search_term_string"}}],"inLanguage":"en-US"},{"@type":"Organization","@id":"https:\/\/artlist.cz\/en\/#organization","name":"Artlist","url":"https:\/\/artlist.cz\/en\/","logo":{"@type":"ImageObject","inLanguage":"en-US","@id":"https:\/\/artlist.cz\/en\/#\/schema\/logo\/image\/","url":"http:devel.artlist.cz\/app\/uploads\/2024\/07\/artlist.png","contentUrl":"http:devel.artlist.cz\/app\/uploads\/2024\/07\/artlist.png","width":500,"height":500,"caption":"Artlist"},"image":{"@id":"https:\/\/artlist.cz\/en\/#\/schema\/logo\/image\/"}}]}},"_links":{"self":[{"href":"https:\/\/artlist.cz\/en\/wp-json\/wp\/v2\/artist\/121757","targetHints":{"allow":["GET"]}}],"collection":[{"href":"https:\/\/artlist.cz\/en\/wp-json\/wp\/v2\/artist"}],"about":[{"href":"https:\/\/artlist.cz\/en\/wp-json\/wp\/v2\/types\/artist"}],"version-history":[{"count":0,"href":"https:\/\/artlist.cz\/en\/wp-json\/wp\/v2\/artist\/121757\/revisions"}],"acf:post":[{"embeddable":true,"href":"https:\/\/artlist.cz\/en\/wp-json\/wp\/v2\/artwork\/111763"},{"embeddable":true,"href":"https:\/\/artlist.cz\/en\/wp-json\/wp\/v2\/artwork\/111762"},{"embeddable":true,"href":"https:\/\/artlist.cz\/en\/wp-json\/wp\/v2\/artwork\/111761"},{"embeddable":true,"href":"https:\/\/artlist.cz\/en\/wp-json\/wp\/v2\/artwork\/111760"},{"embeddable":true,"href":"https:\/\/artlist.cz\/en\/wp-json\/wp\/v2\/artwork\/111759"},{"embeddable":true,"href":"https:\/\/artlist.cz\/en\/wp-json\/wp\/v2\/artwork\/111758"},{"embeddable":true,"href":"https:\/\/artlist.cz\/en\/wp-json\/wp\/v2\/artwork\/111757"},{"embeddable":true,"href":"https:\/\/artlist.cz\/en\/wp-json\/wp\/v2\/artwork\/111756"},{"embeddable":true,"href":"https:\/\/artlist.cz\/en\/wp-json\/wp\/v2\/artwork\/111755"},{"embeddable":true,"href":"https:\/\/artlist.cz\/en\/wp-json\/wp\/v2\/artwork\/111754"},{"embeddable":true,"href":"https:\/\/artlist.cz\/en\/wp-json\/wp\/v2\/artwork\/111753"},{"embeddable":true,"href":"https:\/\/artlist.cz\/en\/wp-json\/wp\/v2\/artwork\/111752"},{"embeddable":true,"href":"https:\/\/artlist.cz\/en\/wp-json\/wp\/v2\/artwork\/111751"},{"embeddable":true,"href":"https:\/\/artlist.cz\/en\/wp-json\/wp\/v2\/artwork\/111750"},{"embeddable":true,"href":"https:\/\/artlist.cz\/en\/wp-json\/wp\/v2\/artwork\/111749"}],"wp:attachment":[{"href":"https:\/\/artlist.cz\/en\/wp-json\/wp\/v2\/media?parent=121757"}],"curies":[{"name":"wp","href":"https:\/\/api.w.org\/{rel}","templated":true}]}}