{"id":121821,"date":"2024-07-10T23:05:06","date_gmt":"2024-07-10T21:05:06","guid":{"rendered":"http:devel.artlist.cz\/artist\/stekly-2\/"},"modified":"2025-01-07T18:13:58","modified_gmt":"2025-01-07T17:13:58","slug":"josef-stekly","status":"publish","type":"artist","link":"https:\/\/artlist.cz\/en\/umelci\/josef-stekly\/","title":{"rendered":"Stekl\u00fd"},"featured_media":0,"template":"","class_list":["post-121821","artist","type-artist","status-publish","hentry","keyword-kresba","keyword-malba","keyword-object","keyword-objekt"],"acf":{"nicknames":"","date_born":1939,"date_death":0,"place_born":"\u017dilina","lives":"","web":"","idatum":"","address":"","email":"","phone":"","biography":"1959-1964 Academy of Fine Arts in Prague, prof. Vlastimil Rada, prof. Franti\u0161ek Jiroudek","groups":null,"membership":"","exhibitions_solo":"1969\r\nObrazy Josefa Stekl\u00e9ho, Galerie um\u011bn\u00ed, Ostrov nad Oh\u0159\u00ed\r\n\r\n1968\r\nJosef Stekl\u00fd, Oberazy, Galerie mlad\u00fdch, M\u00e1nes Praha","exhibitions_group":"1968\r\nV\u00fdstava mlad\u00fdch, Praha\r\n\r\n1967\r\nV\u00fdstava mlad\u00fdch, Praha\r\nKresba mlad\u00fdch, Praha\r\ni. Pra\u017esk\u00fd salon\r\nV\u00e1no\u010dn\u00ed salon, Praha\r\n\r\n1966\r\nV\u00fdstava mlad\u00fdch, Brno\r\n\r\n1964\r\nLitom\u011b\u0159icko v obrazech mlad\u00fdch krajin\u00e1\u0159\u016f AVU, Litom\u011b\u0159ice","realizations_other":"","collections":"","monographies":"","articles":"","reviews":"","texts_unlisted":"","annotations":[{"text":"","date":0,"authors":[0]}],"artworks":null,"videos":null},"yoast_head":"<!-- This site is optimized with the Yoast SEO plugin v28.0 - https:\/\/yoast.com\/product\/yoast-seo-wordpress\/ -->\n<title>Stekl\u00fd - Artlist<\/title>\n<meta name=\"robots\" content=\"index, follow, max-snippet:-1, max-image-preview:large, max-video-preview:-1\" \/>\n<link rel=\"canonical\" href=\"https:\/\/artlist.cz\/en\/umelci\/josef-stekly\/\" \/>\n<meta property=\"og:locale\" content=\"en_US\" \/>\n<meta property=\"og:type\" content=\"article\" \/>\n<meta property=\"og:title\" content=\"Stekl\u00fd - Artlist\" \/>\n<meta property=\"og:url\" content=\"https:\/\/artlist.cz\/en\/umelci\/josef-stekly\/\" \/>\n<meta property=\"og:site_name\" content=\"Artlist\" \/>\n<meta property=\"article:modified_time\" content=\"2025-01-07T17:13:58+00:00\" \/>\n<meta name=\"twitter:card\" content=\"summary_large_image\" \/>\n<script type=\"application\/ld+json\" class=\"yoast-schema-graph\">{\"@context\":\"https:\\\/\\\/schema.org\",\"@graph\":[{\"@type\":\"WebPage\",\"@id\":\"https:\\\/\\\/artlist.cz\\\/en\\\/umelci\\\/josef-stekly\\\/\",\"url\":\"https:\\\/\\\/artlist.cz\\\/en\\\/umelci\\\/josef-stekly\\\/\",\"name\":\"Stekl\u00fd - Artlist\",\"isPartOf\":{\"@id\":\"https:\\\/\\\/artlist.cz\\\/en\\\/#website\"},\"datePublished\":\"2024-07-10T21:05:06+00:00\",\"dateModified\":\"2025-01-07T17:13:58+00:00\",\"breadcrumb\":{\"@id\":\"https:\\\/\\\/artlist.cz\\\/en\\\/umelci\\\/josef-stekly\\\/#breadcrumb\"},\"inLanguage\":\"en-US\",\"potentialAction\":[{\"@type\":\"ReadAction\",\"target\":[\"https:\\\/\\\/artlist.cz\\\/en\\\/umelci\\\/josef-stekly\\\/\"]}]},{\"@type\":\"BreadcrumbList\",\"@id\":\"https:\\\/\\\/artlist.cz\\\/en\\\/umelci\\\/josef-stekly\\\/#breadcrumb\",\"itemListElement\":[{\"@type\":\"ListItem\",\"position\":1,\"name\":\"Home\",\"item\":\"https:\\\/\\\/artlist.cz\\\/en\\\/\"},{\"@type\":\"ListItem\",\"position\":2,\"name\":\"Artists\",\"item\":\"https:\\\/\\\/artlist.cz\\\/en\\\/umelci\\\/\"},{\"@type\":\"ListItem\",\"position\":3,\"name\":\"Stekl\u00fd\"}]},{\"@type\":\"WebSite\",\"@id\":\"https:\\\/\\\/artlist.cz\\\/en\\\/#website\",\"url\":\"https:\\\/\\\/artlist.cz\\\/en\\\/\",\"name\":\"Artlist\",\"description\":\"Centrum pro sou\u010dasn\u00e9 um\u011bn\u00ed Praha\",\"publisher\":{\"@id\":\"https:\\\/\\\/artlist.cz\\\/en\\\/#organization\"},\"potentialAction\":[{\"@type\":\"SearchAction\",\"target\":{\"@type\":\"EntryPoint\",\"urlTemplate\":\"https:\\\/\\\/artlist.cz\\\/en\\\/?s={search_term_string}\"},\"query-input\":{\"@type\":\"PropertyValueSpecification\",\"valueRequired\":true,\"valueName\":\"search_term_string\"}}],\"inLanguage\":\"en-US\"},{\"@type\":\"Organization\",\"@id\":\"https:\\\/\\\/artlist.cz\\\/en\\\/#organization\",\"name\":\"Artlist\",\"url\":\"https:\\\/\\\/artlist.cz\\\/en\\\/\",\"logo\":{\"@type\":\"ImageObject\",\"inLanguage\":\"en-US\",\"@id\":\"https:\\\/\\\/artlist.cz\\\/en\\\/#\\\/schema\\\/logo\\\/image\\\/\",\"url\":\"http:devel.artlist.cz\\\/app\\\/uploads\\\/2024\\\/07\\\/artlist.png\",\"contentUrl\":\"http:devel.artlist.cz\\\/app\\\/uploads\\\/2024\\\/07\\\/artlist.png\",\"width\":500,\"height\":500,\"caption\":\"Artlist\"},\"image\":{\"@id\":\"https:\\\/\\\/artlist.cz\\\/en\\\/#\\\/schema\\\/logo\\\/image\\\/\"}}]}<\/script>\n<!-- \/ Yoast SEO plugin. -->","yoast_head_json":{"title":"Stekl\u00fd - Artlist","robots":{"index":"index","follow":"follow","max-snippet":"max-snippet:-1","max-image-preview":"max-image-preview:large","max-video-preview":"max-video-preview:-1"},"canonical":"https:\/\/artlist.cz\/en\/umelci\/josef-stekly\/","og_locale":"en_US","og_type":"article","og_title":"Stekl\u00fd - Artlist","og_url":"https:\/\/artlist.cz\/en\/umelci\/josef-stekly\/","og_site_name":"Artlist","article_modified_time":"2025-01-07T17:13:58+00:00","twitter_card":"summary_large_image","schema":{"@context":"https:\/\/schema.org","@graph":[{"@type":"WebPage","@id":"https:\/\/artlist.cz\/en\/umelci\/josef-stekly\/","url":"https:\/\/artlist.cz\/en\/umelci\/josef-stekly\/","name":"Stekl\u00fd - Artlist","isPartOf":{"@id":"https:\/\/artlist.cz\/en\/#website"},"datePublished":"2024-07-10T21:05:06+00:00","dateModified":"2025-01-07T17:13:58+00:00","breadcrumb":{"@id":"https:\/\/artlist.cz\/en\/umelci\/josef-stekly\/#breadcrumb"},"inLanguage":"en-US","potentialAction":[{"@type":"ReadAction","target":["https:\/\/artlist.cz\/en\/umelci\/josef-stekly\/"]}]},{"@type":"BreadcrumbList","@id":"https:\/\/artlist.cz\/en\/umelci\/josef-stekly\/#breadcrumb","itemListElement":[{"@type":"ListItem","position":1,"name":"Home","item":"https:\/\/artlist.cz\/en\/"},{"@type":"ListItem","position":2,"name":"Artists","item":"https:\/\/artlist.cz\/en\/umelci\/"},{"@type":"ListItem","position":3,"name":"Stekl\u00fd"}]},{"@type":"WebSite","@id":"https:\/\/artlist.cz\/en\/#website","url":"https:\/\/artlist.cz\/en\/","name":"Artlist","description":"Centrum pro sou\u010dasn\u00e9 um\u011bn\u00ed Praha","publisher":{"@id":"https:\/\/artlist.cz\/en\/#organization"},"potentialAction":[{"@type":"SearchAction","target":{"@type":"EntryPoint","urlTemplate":"https:\/\/artlist.cz\/en\/?s={search_term_string}"},"query-input":{"@type":"PropertyValueSpecification","valueRequired":true,"valueName":"search_term_string"}}],"inLanguage":"en-US"},{"@type":"Organization","@id":"https:\/\/artlist.cz\/en\/#organization","name":"Artlist","url":"https:\/\/artlist.cz\/en\/","logo":{"@type":"ImageObject","inLanguage":"en-US","@id":"https:\/\/artlist.cz\/en\/#\/schema\/logo\/image\/","url":"http:devel.artlist.cz\/app\/uploads\/2024\/07\/artlist.png","contentUrl":"http:devel.artlist.cz\/app\/uploads\/2024\/07\/artlist.png","width":500,"height":500,"caption":"Artlist"},"image":{"@id":"https:\/\/artlist.cz\/en\/#\/schema\/logo\/image\/"}}]}},"_links":{"self":[{"href":"https:\/\/artlist.cz\/en\/wp-json\/wp\/v2\/artist\/121821","targetHints":{"allow":["GET"]}}],"collection":[{"href":"https:\/\/artlist.cz\/en\/wp-json\/wp\/v2\/artist"}],"about":[{"href":"https:\/\/artlist.cz\/en\/wp-json\/wp\/v2\/types\/artist"}],"version-history":[{"count":0,"href":"https:\/\/artlist.cz\/en\/wp-json\/wp\/v2\/artist\/121821\/revisions"}],"wp:attachment":[{"href":"https:\/\/artlist.cz\/en\/wp-json\/wp\/v2\/media?parent=121821"}],"curies":[{"name":"wp","href":"https:\/\/api.w.org\/{rel}","templated":true}]}}