{"id":121861,"date":"2024-07-10T23:05:10","date_gmt":"2024-07-10T21:05:10","guid":{"rendered":"http:devel.artlist.cz\/artist\/ducakova-2\/"},"modified":"2025-01-07T18:13:57","modified_gmt":"2025-01-07T17:13:57","slug":"iveta-a-ducakova","status":"publish","type":"artist","link":"https:\/\/artlist.cz\/en\/umelci\/iveta-a-ducakova\/","title":{"rendered":"Du\u010d\u00e1kov\u00e1"},"featured_media":0,"template":"","class_list":["post-121861","artist","type-artist","status-publish","hentry","keyword-collage","keyword-digitalni-obraz","keyword-fotografie","keyword-kolaz","keyword-kresba","keyword-malba"],"acf":{"nicknames":"","date_born":1976,"date_death":0,"place_born":"Krnov","lives":"Karlovice","web":"http:\/\/www.ivetaducak.com\/","idatum":"","address":"Karlovice 291, 793 23 Karlovice","email":"info@ivetaducak.com","phone":"776 807 871","biography":"Studies:\r\n1996-2002 Academy of Fine Arts in Prague, atelier of V.Skrepl \r\n1992-1996 studies at the Secondary School of Applied Art, Uhersk\u00e9 Hradi\u0161t\u011b\r\n1990-1992 SP\u0160 Brunt\u00e1l\r\n\r\nAwards:\r\n1999 Ateli\u00e9rov\u00e1 cena AVU, Praha","groups":null,"membership":"BUYFEEL.EU","exhibitions_solo":"2013\r\nNo tears\/Bez slz, Obecn\u00ed \u00fa\u0159ad, Karlovice\r\n\r\n2012\r\n...s lehkost\u00ed k\u0159\u00eddel, Obecn\u00ed \u00fa\u0159ad, Karlovice\r\n\r\n2011\r\nKalend\u00e1\u0159 J. \u0160treita, M\u011bstsk\u00fd \u00fa\u0159ad, Brunt\u00e1l\r\nKalend\u00e1\u0159 J. \u0160treita, Muzeum - galerie Pran\u00fd\u0159, R\u00fdma\u0159ov\r\nKalend\u00e1\u0159 J. \u0160treita, Muzeum um\u011bn\u00ed - Cafe 87, Olomouc\r\n\r\n2010\r\nKalend\u00e1\u0159 J. \u0160treita, Galerie na schodech, Vrbno pod Prad\u011bdem\r\nDovolte, p\u0159edstav\u00edm se..., Art galerie pension, Karlovice\r\n\r\n2008 \r\nOdjinud, \u010dajovna Ninive, Krnov\r\n\r\n2002 \r\nClarity, Galerie Katakomby, Brno (s Pavlou Gajdo\u0161\u00edkovou)\r\nNarychlo, Galerie V kapli, Brunt\u00e1l\r\n\r\n1999 \r\nGalerie V kapli, Brunt\u00e1l (s P. Formanem, S. Tomanem)\r\n\r\n1998 \r\nsguat Ladronka, Praha (s P. Formanem )\r\nProjekt Starter &amp; Sorter, Praha\r\n\r\n1997 \r\nModr\u00e1, \u017dlut\u00e1, \u010cerven\u00e1, z\u00e1mek, Brunt\u00e1l (s P. Formanem)","exhibitions_group":"Selection:\r\n2013\r\n\u017dENA 100xJINAK, Art Galerie, Zl\u00edn\r\nFreudenthal show, galerie Freud&amp;Thal, Brunt\u00e1l\r\n\r\n2012\r\nSalon um\u011bn\u00ed - malba, DOX, Praha\r\n\r\n2011\r\nBuyfeel - Iveta A. Du\u010d\u00e1kov\u00e1, City Tower, Praha\r\n\r\n2009\r\nIntersalon AJV 2009, Sladovna P\u00edsek o.p.s., M\u011bsto P\u00edsek\r\nSketch it out, APW gallery, Long Island City, NYC\r\n\r\n2008\r\nFifty-Fifty, Hala C, Praha \r\nIntersalon AJV, KD Sl\u00e1vie, \u010cesk\u00e9 Bud\u011bjovice a Pasov (N\u011bmecko) \r\nJungART, galerie Dolmen, Brno\r\n\r\n2005\r\nD\u00e1msk\u00e1 volenka, galerie AVU, Praha \r\nHAPPY, galerie M\u00e1zhaus, Pardubice\r\n\r\n2004 \r\nParealita, galerie N\u00e1b\u0159e\u017e\u00ed, Praha\r\n\r\n2003 \r\nIN OUT, Starom\u011bst. n\u00e1m\u011bst\u00ed, Praha \r\nNejmlad\u0161\u00ed, Veletr\u017en\u00ed pal\u00e1c, Praha \r\nIII. Zl\u00ednsk\u00fd salon mlad\u00fdch, D\u016fm um\u011bn\u00ed, Zl\u00edn\r\n\r\n2002 \r\nDiplomanti AVU 2002, Veletr\u011bn\u00ed pal\u00e1c, Praha \r\njojo efekt, Wortner\u016fv d\u016fm AJG, \u010cesk\u00e9 Bud\u011bjovice \r\nMISMAS, Galerie Spejsovna, Praha \r\nZ\u00e1krok, Galerie Open Air Co 14, Praha\r\n\r\n2001 \r\nN\u011bkde n\u011bco, galerie \u0160kolsk\u00e1 28, Praha \r\nN\u011bkde n\u011bco, galerie U mloka, Olomouc\r\n\r\n2000 \r\nGirls Show, Romania \r\nGirls Show, \u00dast\u00ed nad Labem \r\nstudenti AVU, Republica Checa, Peru \r\nSou\u010dasn\u00e1 minulost, z\u00e1mek Hlubok\u00e1 \r\nV\u00fdstava AVU, M\u00e1nes, Praha\r\n\r\n1999 \r\nGirls Show, MXM, Praha \r\nGargo, galerie BrShlsche Terasse, Dresden \r\nod soumraku do \u00fasvitu, Moravsk\u00e1 galerie, Brno\r\n\r\n1998 \r\nMalovan\u00e1 kol\u00e1\u017e, Galerie Na bid\u00fdlku, Brno\r\n\r\n1997 \r\n&quot;S...S...&quot;, Bunkr, Praha","realizations_other":"","collections":"N\u00e1rodn\u00ed galerie - Veletr\u017en\u00ed pal\u00e1c","monographies":"","articles":"2003 \r\nFrolcov\u00e1 Milada: Slovn\u00edk \u017e\u00e1k\u016f a absolvent\u016f zl\u00ednsk\u00e9 \u0161koly um\u011bn\u00ed a St\u0159edn\u00ed um\u011bleckopr\u016fmyslov\u00e9 \u0161koly ve Zl\u00edn\u011b a v Uhersk\u00e9m Hradi\u0161ti (1939-2003), Slov\u00e1ck\u00e9 muzeum, Uhersk\u00e9 Hradi\u0161t\u011b \r\nNejmlad\u0161\u00ed \r\nIII. Zl\u00ednsk\u00fd salon mlad\u00fdch \r\n\r\n2002 \r\nDiplomanti AVU 2002 \r\nJojo efekt \r\n\r\n2000 \r\nChequia Peru \r\nSou\u010dasn\u00e1 minulost \r\n\r\n1999 \r\nGirls Show \r\nGargo \r\nod soumraku do \u00fasvitu","reviews":"","texts_unlisted":"","annotations":[{"text":"Du\u010d\u00e1kov\u00e1 avails herself of the entire range of visual possibilities: painting, drawing, photography, collage, digital image, etc. One of the basic strategies of her works involves deformation of the human figure and face. At first sight this approach can resemble an attempt at a traditional expressiveness. However, this is not so in the case of Du\u010d\u00e1kov\u00e1. Here, paradoxically, deformation is not used to depict emotional states or even physicality in itself, but more social roles and humankind\u2019s place in today\u2019s world. Du\u010d\u00e1kov\u00e1 understands contemporary reality as a permeable boundary between the traditional world of fixed shapes and constant symbols and a fluctuating virtuality in which identities are changing constantly. The protagonists in the artist\u2019s works do not only change their costume and spatial context, but even their bodies, which appear like flexible formations that contract in some places and expand in others into monstrous grimaces. The figures are responding to the instability of space-time that surrounds them and to which they must adapt. Flexibility is one of the basic demands of the times we live in, flexibility in the sphere of work, the market, leisure and interpersonal relationships. However, this sleep of rational certainty arouses the beasts of emotion, expression, deformation \u2013 deformed heads attempt to smile and the result is simply a mask of pain.","date":2002,"authors":[1834]}],"artworks":[109802,109803],"videos":null},"yoast_head":"<!-- This site is optimized with the Yoast SEO plugin v28.0 - https:\/\/yoast.com\/product\/yoast-seo-wordpress\/ -->\n<title>Du\u010d\u00e1kov\u00e1 - Artlist<\/title>\n<meta name=\"robots\" content=\"index, follow, max-snippet:-1, max-image-preview:large, max-video-preview:-1\" \/>\n<link rel=\"canonical\" href=\"https:\/\/artlist.cz\/en\/umelci\/iveta-a-ducakova\/\" \/>\n<meta property=\"og:locale\" content=\"en_US\" \/>\n<meta property=\"og:type\" content=\"article\" \/>\n<meta property=\"og:title\" content=\"Du\u010d\u00e1kov\u00e1 - Artlist\" \/>\n<meta property=\"og:url\" content=\"https:\/\/artlist.cz\/en\/umelci\/iveta-a-ducakova\/\" \/>\n<meta property=\"og:site_name\" content=\"Artlist\" \/>\n<meta property=\"article:modified_time\" content=\"2025-01-07T17:13:57+00:00\" \/>\n<meta name=\"twitter:card\" content=\"summary_large_image\" \/>\n<script type=\"application\/ld+json\" class=\"yoast-schema-graph\">{\"@context\":\"https:\\\/\\\/schema.org\",\"@graph\":[{\"@type\":\"WebPage\",\"@id\":\"https:\\\/\\\/artlist.cz\\\/en\\\/umelci\\\/iveta-a-ducakova\\\/\",\"url\":\"https:\\\/\\\/artlist.cz\\\/en\\\/umelci\\\/iveta-a-ducakova\\\/\",\"name\":\"Du\u010d\u00e1kov\u00e1 - Artlist\",\"isPartOf\":{\"@id\":\"https:\\\/\\\/artlist.cz\\\/en\\\/#website\"},\"datePublished\":\"2024-07-10T21:05:10+00:00\",\"dateModified\":\"2025-01-07T17:13:57+00:00\",\"breadcrumb\":{\"@id\":\"https:\\\/\\\/artlist.cz\\\/en\\\/umelci\\\/iveta-a-ducakova\\\/#breadcrumb\"},\"inLanguage\":\"en-US\",\"potentialAction\":[{\"@type\":\"ReadAction\",\"target\":[\"https:\\\/\\\/artlist.cz\\\/en\\\/umelci\\\/iveta-a-ducakova\\\/\"]}]},{\"@type\":\"BreadcrumbList\",\"@id\":\"https:\\\/\\\/artlist.cz\\\/en\\\/umelci\\\/iveta-a-ducakova\\\/#breadcrumb\",\"itemListElement\":[{\"@type\":\"ListItem\",\"position\":1,\"name\":\"Home\",\"item\":\"https:\\\/\\\/artlist.cz\\\/en\\\/\"},{\"@type\":\"ListItem\",\"position\":2,\"name\":\"Artists\",\"item\":\"https:\\\/\\\/artlist.cz\\\/en\\\/umelci\\\/\"},{\"@type\":\"ListItem\",\"position\":3,\"name\":\"Du\u010d\u00e1kov\u00e1\"}]},{\"@type\":\"WebSite\",\"@id\":\"https:\\\/\\\/artlist.cz\\\/en\\\/#website\",\"url\":\"https:\\\/\\\/artlist.cz\\\/en\\\/\",\"name\":\"Artlist\",\"description\":\"Centrum pro sou\u010dasn\u00e9 um\u011bn\u00ed Praha\",\"publisher\":{\"@id\":\"https:\\\/\\\/artlist.cz\\\/en\\\/#organization\"},\"potentialAction\":[{\"@type\":\"SearchAction\",\"target\":{\"@type\":\"EntryPoint\",\"urlTemplate\":\"https:\\\/\\\/artlist.cz\\\/en\\\/?s={search_term_string}\"},\"query-input\":{\"@type\":\"PropertyValueSpecification\",\"valueRequired\":true,\"valueName\":\"search_term_string\"}}],\"inLanguage\":\"en-US\"},{\"@type\":\"Organization\",\"@id\":\"https:\\\/\\\/artlist.cz\\\/en\\\/#organization\",\"name\":\"Artlist\",\"url\":\"https:\\\/\\\/artlist.cz\\\/en\\\/\",\"logo\":{\"@type\":\"ImageObject\",\"inLanguage\":\"en-US\",\"@id\":\"https:\\\/\\\/artlist.cz\\\/en\\\/#\\\/schema\\\/logo\\\/image\\\/\",\"url\":\"http:devel.artlist.cz\\\/app\\\/uploads\\\/2024\\\/07\\\/artlist.png\",\"contentUrl\":\"http:devel.artlist.cz\\\/app\\\/uploads\\\/2024\\\/07\\\/artlist.png\",\"width\":500,\"height\":500,\"caption\":\"Artlist\"},\"image\":{\"@id\":\"https:\\\/\\\/artlist.cz\\\/en\\\/#\\\/schema\\\/logo\\\/image\\\/\"}}]}<\/script>\n<!-- \/ Yoast SEO plugin. -->","yoast_head_json":{"title":"Du\u010d\u00e1kov\u00e1 - Artlist","robots":{"index":"index","follow":"follow","max-snippet":"max-snippet:-1","max-image-preview":"max-image-preview:large","max-video-preview":"max-video-preview:-1"},"canonical":"https:\/\/artlist.cz\/en\/umelci\/iveta-a-ducakova\/","og_locale":"en_US","og_type":"article","og_title":"Du\u010d\u00e1kov\u00e1 - Artlist","og_url":"https:\/\/artlist.cz\/en\/umelci\/iveta-a-ducakova\/","og_site_name":"Artlist","article_modified_time":"2025-01-07T17:13:57+00:00","twitter_card":"summary_large_image","schema":{"@context":"https:\/\/schema.org","@graph":[{"@type":"WebPage","@id":"https:\/\/artlist.cz\/en\/umelci\/iveta-a-ducakova\/","url":"https:\/\/artlist.cz\/en\/umelci\/iveta-a-ducakova\/","name":"Du\u010d\u00e1kov\u00e1 - Artlist","isPartOf":{"@id":"https:\/\/artlist.cz\/en\/#website"},"datePublished":"2024-07-10T21:05:10+00:00","dateModified":"2025-01-07T17:13:57+00:00","breadcrumb":{"@id":"https:\/\/artlist.cz\/en\/umelci\/iveta-a-ducakova\/#breadcrumb"},"inLanguage":"en-US","potentialAction":[{"@type":"ReadAction","target":["https:\/\/artlist.cz\/en\/umelci\/iveta-a-ducakova\/"]}]},{"@type":"BreadcrumbList","@id":"https:\/\/artlist.cz\/en\/umelci\/iveta-a-ducakova\/#breadcrumb","itemListElement":[{"@type":"ListItem","position":1,"name":"Home","item":"https:\/\/artlist.cz\/en\/"},{"@type":"ListItem","position":2,"name":"Artists","item":"https:\/\/artlist.cz\/en\/umelci\/"},{"@type":"ListItem","position":3,"name":"Du\u010d\u00e1kov\u00e1"}]},{"@type":"WebSite","@id":"https:\/\/artlist.cz\/en\/#website","url":"https:\/\/artlist.cz\/en\/","name":"Artlist","description":"Centrum pro sou\u010dasn\u00e9 um\u011bn\u00ed Praha","publisher":{"@id":"https:\/\/artlist.cz\/en\/#organization"},"potentialAction":[{"@type":"SearchAction","target":{"@type":"EntryPoint","urlTemplate":"https:\/\/artlist.cz\/en\/?s={search_term_string}"},"query-input":{"@type":"PropertyValueSpecification","valueRequired":true,"valueName":"search_term_string"}}],"inLanguage":"en-US"},{"@type":"Organization","@id":"https:\/\/artlist.cz\/en\/#organization","name":"Artlist","url":"https:\/\/artlist.cz\/en\/","logo":{"@type":"ImageObject","inLanguage":"en-US","@id":"https:\/\/artlist.cz\/en\/#\/schema\/logo\/image\/","url":"http:devel.artlist.cz\/app\/uploads\/2024\/07\/artlist.png","contentUrl":"http:devel.artlist.cz\/app\/uploads\/2024\/07\/artlist.png","width":500,"height":500,"caption":"Artlist"},"image":{"@id":"https:\/\/artlist.cz\/en\/#\/schema\/logo\/image\/"}}]}},"_links":{"self":[{"href":"https:\/\/artlist.cz\/en\/wp-json\/wp\/v2\/artist\/121861","targetHints":{"allow":["GET"]}}],"collection":[{"href":"https:\/\/artlist.cz\/en\/wp-json\/wp\/v2\/artist"}],"about":[{"href":"https:\/\/artlist.cz\/en\/wp-json\/wp\/v2\/types\/artist"}],"version-history":[{"count":0,"href":"https:\/\/artlist.cz\/en\/wp-json\/wp\/v2\/artist\/121861\/revisions"}],"acf:post":[{"embeddable":true,"href":"https:\/\/artlist.cz\/en\/wp-json\/wp\/v2\/artwork\/109803"},{"embeddable":true,"href":"https:\/\/artlist.cz\/en\/wp-json\/wp\/v2\/artwork\/109802"}],"wp:attachment":[{"href":"https:\/\/artlist.cz\/en\/wp-json\/wp\/v2\/media?parent=121861"}],"curies":[{"name":"wp","href":"https:\/\/api.w.org\/{rel}","templated":true}]}}