{"id":122238,"date":"2024-07-10T23:06:30","date_gmt":"2024-07-10T21:06:30","guid":{"rendered":"http:devel.artlist.cz\/artist\/prokopcova-2\/"},"modified":"2025-01-07T18:13:47","modified_gmt":"2025-01-07T17:13:47","slug":"eva-prokopcova","status":"publish","type":"artist","link":"https:\/\/artlist.cz\/en\/umelci\/eva-prokopcova\/","title":{"rendered":"Prokopcov\u00e1"},"featured_media":0,"template":"","class_list":["post-122238","artist","type-artist","status-publish","hentry"],"acf":{"nicknames":"roz. I\u0161kov\u00e1","date_born":1948,"date_death":0,"place_born":"\u010cesk\u00fd Krumlov","lives":"\u010cesk\u00e9 Bud\u011bjovice","web":"","idatum":"","address":"","email":"","phone":"","biography":"<b>Studium:<\/b>  1977\u201383 Akademie v\u00fdtvarn\u00fdch um\u011bn\u00ed v&nbsp;Praze, prof. Jan Smetana<br \/>1969\u201372 Fakult\u011b stavebn\u00ed \u010cVUT Praha, architektura<br \/>1966\u201367 St\u0159edn\u00ed kamenicko-socha\u0159sk\u00e1 \u0161kola, Ho\u0159ice v Podkrkono\u0161\u00ed","groups":null,"membership":"","exhibitions_solo":"2018 \r\nEgon Schiele Art Centrum, \u010cesk\u00fd Krumlov\r\n2010\r\nDoteky, Galerie M\u011bs\u00edc ve dne, \u010cesk\u00e9 Bud\u011bjovice\r\n2009\r\nZ\u00e1mek Klenov\u00e1, Galerie Klatovy \/ Klenov\u00e1 \r\n2007\r\nNov\u00e9 pr\u00e1ce, Egon Schiele Art Centrum, \u010cesk\u00fd Krumlov\r\n2006\r\nKresby a obrazy, Galerie Malovan\u00fd d\u016fm, T\u0159eb\u00ed\u010d\r\nEgon Schiele Art Centrum, \u010cesk\u00fd Krumlov  \r\n2003\r\nObrazy, Galerie M\u011bs\u00edc ve dne, \u010cesk\u00e9 Bud\u011bjovice\r\nMo\u017enosti obrazu, Galerie m\u011bsta Plzn\u011b, Plze\u0148 \r\n2002\r\nRytmy a fragmenty. Obrazy a kresby, Galerie Caesar, Olomouc\r\n2001\r\nMezn\u00ed situace, Obrazy, D\u016fm um\u011bn\u00ed \u010cesk\u00e9 Bud\u011bjovice,\r\nObrazy, Galerie Bayer & Bayer, Praha\r\n1997\r\nPrincip ukr\u00fdv\u00e1n\u00ed, Obrazy a kresby, Wortner\u016fv d\u016fm, Al\u0161ova jiho\u010desk\u00e1 galerie, \u010cesk\u00e9 Bud\u011bjovice \r\n1992\r\nObrazy, D\u016fm um\u011bn\u00ed \u010cesk\u00e9 Bud\u011bjovice\r\nObrazy, Galerie Via Art, Praha","exhibitions_group":"2018\r\nDiplomov\u00e9 pr\u00e1ce na Akademii v\u00fdtvarn\u00fdch um\u011bn\u00ed v Praze 1969-1989, Galerie v\u00fdtvarn\u00e9ho um\u011bn\u00ed v Chebu\r\n2008\r\nV. Nov\u00fd zl\u00ednsk\u00fd salon, D\u016fm um\u011bn\u00ed, Galerie v\u00fdtvarn\u00e9ho um\u011bn\u00ed ve Zl\u00edn\u011b \r\n2002\r\nIII. nov\u00fd zl\u00ednsk\u00fd salon, D\u016fm um\u011bn\u00ed, Galerie v\u00fdtvarn\u00e9ho um\u011bn\u00ed ve Zl\u00edn\u011b\r\n1990\r\n\u010cesk\u00fd jih 1990. Sou\u010dasn\u00e9 jiho\u010desk\u00e9 um\u011bn\u00ed 1980 - 1990, Al\u0161ova jiho\u010desk\u00e1 galerie Hlubok\u00e1 nad Vltavou","realizations_other":"","collections":"<span style=\"font-family:&quot;Arial&quot;,&quot;sans-serif&quot;\">Al\u0161ova jiho\u010desk\u00e1 galerie v&nbsp;Hlubok\u00e9 nad Vltavou<\/span> <span style=\"font-family:&quot;Arial&quot;,&quot;sans-serif&quot;\">Galerie Klatovy \/ Klenov\u00e1<\/span> <span style=\"font-family:&quot;Arial&quot;,&quot;sans-serif&quot;\">Egon Schiele Art Centrum, \u010cesk\u00fd Krumlov<b style=\"\"> <\/b><\/span>","monographies":"Eva Prokopcov\u00e1. Texty Marcel Fi\u0161er, Hana Jirmusov\u00e1, Eva Prokopcov\u00e1. \u010cesk\u00fd Krumlov 2007.","articles":"","reviews":"","texts_unlisted":"Autobiografick\u00fd text v&nbsp;monografii Eva Prokopcov\u00e1, \u010cesk\u00fd Krumlov 2007.","annotations":[{"text":"Eva Prokopcov\u00e1 has lived and worked in \u010cesk\u00e9 Bud\u011bjovice since the 1980s. This makes her one of only few artists who have managed to maintain a high quality of output and to achieve renown while operating outside the main centre. In 1992 she had a solo exhibition in the Prague gallery Via Art, and in 1997 a retrospective of her work at the Ale\u0161 South Bohemian Gallery. However, the real breakthrough only came in 2000 with her new era of geometric fields. This was followed by many exhibitions at prestigious venues around the Czech Republic (D\u016fm um\u011bn\u00ed \u010cesk\u00e9 Bud\u011bjovice, Galerie Bayer &amp; Bayer in Prague, Galerie m\u011bsta Plzn\u011b, Galerie Caesar in Olomouc and the Galerie Malovan\u00fd d\u016fm in T\u0159eb\u00ed\u010d), and in 2006 her first retrospective accompanied by an extensive monograph at the Egon Schiele Art Centre in her native \u010cesk\u00fd Krumlov, reprised at the Galerie Klatovy \/ Klenov\u00e1.\r\nProkopcov\u00e1\u2019s journey to fine art was not the easiest. Having left grammar school she failed to get into the Academy of Fine Arts in Prague, and instead went to the stone sculpting school in Ho\u0159ice. Here she met her future husband and their relationship brought an end to her studies. However, they had nowhere to live, and so after the birth of their daughter she had to return to her parents in \u010cesk\u00e9 Bud\u011bjovice. In order that the family could be together, she applied to study architecture and lived in a hall of residence with her husband. However, after three years she decided this was not the subject she wanted to pursue. She began to work as a technical draftswoman in the sphere of care for monuments, and in 1977, aged almost thirty, she was at last accepted by AVU in Prague. She studied at the studio led by professor Jan Smetana, the most prominent lecturer at the school at that time, and completed her studies with a series of paintings on the theme of life in a housing estate, inspired by her own experience.\r\nAfter graduating from art school, her personal life was thrown into turmoil. After her divorce, she moved into her mother\u2019s place in \u010cesk\u00e9 Bud\u011bjovice, again on a housing estate, where she systematically continued her creative work. However, in 1989 she lost her studio and her apartment became a storeroom for her paintings where it was impossible to live and work. She suffered serious mental health problems, which only disappeared after she acquired another studio in an industrial building on the outskirts of the city and her situation stabilised.\r\nThe first significant stage in Prokopcov\u00e1\u2019s development is a series of paintings on the theme of housing estates from 1983\u201387, an offshoot of her diploma project. In them, she responds to the depersonalised environment in which a person is trimmed to the size of a minimal apartment and \u201cwalled up in concrete\u201d, as the title of one of her works reads. In 1987 she effected an about turn and looked to her inner world. Henceforth, external events appear only indirectly, transformed by her inner experience of them. Her style is an abstract morphology formulated by an expressive, physically experienced painting with a richly shaded style ranging from impasto deposits of coloured matter, via a raw flow of paint and geometric ornament, to subtly drawn motifs. Her painting took on a procedural character and works emerged gradually, almost autochthonously, from an immediate mood and the artist\u2019s evolving reactions to its individual phases.\r\nSome of the paintings from the late 1980s are reminiscent of diagrams, and this is related to the activities of her partner at the time, a biologist, whom she helped redraw graphic diagrams. In other paintings, fragments of text appear that give the impression of being excerpts from non-existent letters (e.g. \u201cNep\u0159ek\u00e1\u017eej smutku \/ Tvoje mil\u00e1\u201d (\u201cDon\u2019t run away from sadness, yours truly\u201d) in <i>Nep\u0159ek\u00e1\u017eej smutku<\/i>, 1995) and reflect her mental state at the time. In 1996 she created an interesting series of four works on rough jute, using bags she had found on a walk, which she laboriously modified into a visual background. She placed the raw natural material, which she left exposed with its exotic inscriptions and rough seams, in contrast to the radiant painting materials.\r\nIn the wake of 2000, for several years she created an extensive series of works in which small dots of paint are applied directly from the tube to a monochrome substrate and arranged in a raster with the form of curved lines. This creates an impression of convex or concave surfaces resembling force fields. The close physical contact she had with the image during its creation and the connection to its energy were crucial for Prokopcov\u00e1. When she eventually relinquished this subject after several years, it was in order to return to abstract, colourist painting, which she sometimes complements with figural motifs.","date":2019,"authors":[1848]}],"artworks":[118879,118880,118881,118882,118883,118884,118885,118886,118887,118888,118889,118890],"videos":null},"yoast_head":"<!-- This site is optimized with the Yoast SEO plugin v28.0 - https:\/\/yoast.com\/product\/yoast-seo-wordpress\/ -->\n<title>Prokopcov\u00e1 - Artlist<\/title>\n<meta name=\"robots\" content=\"index, follow, max-snippet:-1, max-image-preview:large, max-video-preview:-1\" \/>\n<link rel=\"canonical\" href=\"https:\/\/artlist.cz\/en\/umelci\/eva-prokopcova\/\" \/>\n<meta property=\"og:locale\" content=\"en_US\" \/>\n<meta property=\"og:type\" content=\"article\" \/>\n<meta property=\"og:title\" content=\"Prokopcov\u00e1 - Artlist\" \/>\n<meta property=\"og:url\" content=\"https:\/\/artlist.cz\/en\/umelci\/eva-prokopcova\/\" \/>\n<meta property=\"og:site_name\" content=\"Artlist\" \/>\n<meta property=\"article:modified_time\" content=\"2025-01-07T17:13:47+00:00\" \/>\n<meta name=\"twitter:card\" content=\"summary_large_image\" \/>\n<script type=\"application\/ld+json\" class=\"yoast-schema-graph\">{\"@context\":\"https:\\\/\\\/schema.org\",\"@graph\":[{\"@type\":\"WebPage\",\"@id\":\"https:\\\/\\\/artlist.cz\\\/en\\\/umelci\\\/eva-prokopcova\\\/\",\"url\":\"https:\\\/\\\/artlist.cz\\\/en\\\/umelci\\\/eva-prokopcova\\\/\",\"name\":\"Prokopcov\u00e1 - Artlist\",\"isPartOf\":{\"@id\":\"https:\\\/\\\/artlist.cz\\\/en\\\/#website\"},\"datePublished\":\"2024-07-10T21:06:30+00:00\",\"dateModified\":\"2025-01-07T17:13:47+00:00\",\"breadcrumb\":{\"@id\":\"https:\\\/\\\/artlist.cz\\\/en\\\/umelci\\\/eva-prokopcova\\\/#breadcrumb\"},\"inLanguage\":\"en-US\",\"potentialAction\":[{\"@type\":\"ReadAction\",\"target\":[\"https:\\\/\\\/artlist.cz\\\/en\\\/umelci\\\/eva-prokopcova\\\/\"]}]},{\"@type\":\"BreadcrumbList\",\"@id\":\"https:\\\/\\\/artlist.cz\\\/en\\\/umelci\\\/eva-prokopcova\\\/#breadcrumb\",\"itemListElement\":[{\"@type\":\"ListItem\",\"position\":1,\"name\":\"Home\",\"item\":\"https:\\\/\\\/artlist.cz\\\/en\\\/\"},{\"@type\":\"ListItem\",\"position\":2,\"name\":\"Artists\",\"item\":\"https:\\\/\\\/artlist.cz\\\/en\\\/umelci\\\/\"},{\"@type\":\"ListItem\",\"position\":3,\"name\":\"Prokopcov\u00e1\"}]},{\"@type\":\"WebSite\",\"@id\":\"https:\\\/\\\/artlist.cz\\\/en\\\/#website\",\"url\":\"https:\\\/\\\/artlist.cz\\\/en\\\/\",\"name\":\"Artlist\",\"description\":\"Centrum pro sou\u010dasn\u00e9 um\u011bn\u00ed Praha\",\"publisher\":{\"@id\":\"https:\\\/\\\/artlist.cz\\\/en\\\/#organization\"},\"potentialAction\":[{\"@type\":\"SearchAction\",\"target\":{\"@type\":\"EntryPoint\",\"urlTemplate\":\"https:\\\/\\\/artlist.cz\\\/en\\\/?s={search_term_string}\"},\"query-input\":{\"@type\":\"PropertyValueSpecification\",\"valueRequired\":true,\"valueName\":\"search_term_string\"}}],\"inLanguage\":\"en-US\"},{\"@type\":\"Organization\",\"@id\":\"https:\\\/\\\/artlist.cz\\\/en\\\/#organization\",\"name\":\"Artlist\",\"url\":\"https:\\\/\\\/artlist.cz\\\/en\\\/\",\"logo\":{\"@type\":\"ImageObject\",\"inLanguage\":\"en-US\",\"@id\":\"https:\\\/\\\/artlist.cz\\\/en\\\/#\\\/schema\\\/logo\\\/image\\\/\",\"url\":\"http:devel.artlist.cz\\\/app\\\/uploads\\\/2024\\\/07\\\/artlist.png\",\"contentUrl\":\"http:devel.artlist.cz\\\/app\\\/uploads\\\/2024\\\/07\\\/artlist.png\",\"width\":500,\"height\":500,\"caption\":\"Artlist\"},\"image\":{\"@id\":\"https:\\\/\\\/artlist.cz\\\/en\\\/#\\\/schema\\\/logo\\\/image\\\/\"}}]}<\/script>\n<!-- \/ Yoast SEO plugin. -->","yoast_head_json":{"title":"Prokopcov\u00e1 - Artlist","robots":{"index":"index","follow":"follow","max-snippet":"max-snippet:-1","max-image-preview":"max-image-preview:large","max-video-preview":"max-video-preview:-1"},"canonical":"https:\/\/artlist.cz\/en\/umelci\/eva-prokopcova\/","og_locale":"en_US","og_type":"article","og_title":"Prokopcov\u00e1 - Artlist","og_url":"https:\/\/artlist.cz\/en\/umelci\/eva-prokopcova\/","og_site_name":"Artlist","article_modified_time":"2025-01-07T17:13:47+00:00","twitter_card":"summary_large_image","schema":{"@context":"https:\/\/schema.org","@graph":[{"@type":"WebPage","@id":"https:\/\/artlist.cz\/en\/umelci\/eva-prokopcova\/","url":"https:\/\/artlist.cz\/en\/umelci\/eva-prokopcova\/","name":"Prokopcov\u00e1 - Artlist","isPartOf":{"@id":"https:\/\/artlist.cz\/en\/#website"},"datePublished":"2024-07-10T21:06:30+00:00","dateModified":"2025-01-07T17:13:47+00:00","breadcrumb":{"@id":"https:\/\/artlist.cz\/en\/umelci\/eva-prokopcova\/#breadcrumb"},"inLanguage":"en-US","potentialAction":[{"@type":"ReadAction","target":["https:\/\/artlist.cz\/en\/umelci\/eva-prokopcova\/"]}]},{"@type":"BreadcrumbList","@id":"https:\/\/artlist.cz\/en\/umelci\/eva-prokopcova\/#breadcrumb","itemListElement":[{"@type":"ListItem","position":1,"name":"Home","item":"https:\/\/artlist.cz\/en\/"},{"@type":"ListItem","position":2,"name":"Artists","item":"https:\/\/artlist.cz\/en\/umelci\/"},{"@type":"ListItem","position":3,"name":"Prokopcov\u00e1"}]},{"@type":"WebSite","@id":"https:\/\/artlist.cz\/en\/#website","url":"https:\/\/artlist.cz\/en\/","name":"Artlist","description":"Centrum pro sou\u010dasn\u00e9 um\u011bn\u00ed Praha","publisher":{"@id":"https:\/\/artlist.cz\/en\/#organization"},"potentialAction":[{"@type":"SearchAction","target":{"@type":"EntryPoint","urlTemplate":"https:\/\/artlist.cz\/en\/?s={search_term_string}"},"query-input":{"@type":"PropertyValueSpecification","valueRequired":true,"valueName":"search_term_string"}}],"inLanguage":"en-US"},{"@type":"Organization","@id":"https:\/\/artlist.cz\/en\/#organization","name":"Artlist","url":"https:\/\/artlist.cz\/en\/","logo":{"@type":"ImageObject","inLanguage":"en-US","@id":"https:\/\/artlist.cz\/en\/#\/schema\/logo\/image\/","url":"http:devel.artlist.cz\/app\/uploads\/2024\/07\/artlist.png","contentUrl":"http:devel.artlist.cz\/app\/uploads\/2024\/07\/artlist.png","width":500,"height":500,"caption":"Artlist"},"image":{"@id":"https:\/\/artlist.cz\/en\/#\/schema\/logo\/image\/"}}]}},"_links":{"self":[{"href":"https:\/\/artlist.cz\/en\/wp-json\/wp\/v2\/artist\/122238","targetHints":{"allow":["GET"]}}],"collection":[{"href":"https:\/\/artlist.cz\/en\/wp-json\/wp\/v2\/artist"}],"about":[{"href":"https:\/\/artlist.cz\/en\/wp-json\/wp\/v2\/types\/artist"}],"version-history":[{"count":0,"href":"https:\/\/artlist.cz\/en\/wp-json\/wp\/v2\/artist\/122238\/revisions"}],"acf:post":[{"embeddable":true,"href":"https:\/\/artlist.cz\/en\/wp-json\/wp\/v2\/artwork\/118890"},{"embeddable":true,"href":"https:\/\/artlist.cz\/en\/wp-json\/wp\/v2\/artwork\/118889"},{"embeddable":true,"href":"https:\/\/artlist.cz\/en\/wp-json\/wp\/v2\/artwork\/118888"},{"embeddable":true,"href":"https:\/\/artlist.cz\/en\/wp-json\/wp\/v2\/artwork\/118887"},{"embeddable":true,"href":"https:\/\/artlist.cz\/en\/wp-json\/wp\/v2\/artwork\/118886"},{"embeddable":true,"href":"https:\/\/artlist.cz\/en\/wp-json\/wp\/v2\/artwork\/118885"},{"embeddable":true,"href":"https:\/\/artlist.cz\/en\/wp-json\/wp\/v2\/artwork\/118884"},{"embeddable":true,"href":"https:\/\/artlist.cz\/en\/wp-json\/wp\/v2\/artwork\/118883"},{"embeddable":true,"href":"https:\/\/artlist.cz\/en\/wp-json\/wp\/v2\/artwork\/118882"},{"embeddable":true,"href":"https:\/\/artlist.cz\/en\/wp-json\/wp\/v2\/artwork\/118881"},{"embeddable":true,"href":"https:\/\/artlist.cz\/en\/wp-json\/wp\/v2\/artwork\/118880"},{"embeddable":true,"href":"https:\/\/artlist.cz\/en\/wp-json\/wp\/v2\/artwork\/118879"}],"wp:attachment":[{"href":"https:\/\/artlist.cz\/en\/wp-json\/wp\/v2\/media?parent=122238"}],"curies":[{"name":"wp","href":"https:\/\/api.w.org\/{rel}","templated":true}]}}